{"id":22835,"date":"2024-11-05T19:55:03","date_gmt":"2024-11-05T18:55:03","guid":{"rendered":"https:\/\/ssp10.pl\/strona\/?page_id=22835"},"modified":"2024-11-21T19:16:24","modified_gmt":"2024-11-21T18:16:24","slug":"historia-szkoly","status":"publish","type":"page","link":"http:\/\/ssp10.pl\/strona\/historia-szkoly\/","title":{"rendered":""},"content":{"rendered":"\n<p>Powstanie Spo\u0142ecznej Szko\u0142y Podstawowej nr 10 a nast\u0119pnie Spo\u0142ecznego Gimnazjum nr 27 to wyraz marze\u0144 pocz\u0105tkowo niewielkiej grupki rodzic\u00f3w, kt\u00f3rzy uwierzyli, \u017ce mo\u017cliwa jest szko\u0142a przyjazna, \u017cyczliwa i bezpieczna dla ucznia.<\/p>\n\n\n\n<p>W 1990 roku z inicjatywy rodzic\u00f3w i nauczycieli na terenie Parafii Narodzenia Pa\u0144skiego przy ulicy Ostrobramskiej w Warszawie powsta\u0142a szko\u0142a podstawowa. Nie mog\u0142aby ona jednak zaistnie\u0107, gdyby nie wielkie serce i ogromne zaufanie, kt\u00f3rym obdarzy\u0142 rodzic\u00f3w Ksi\u0105dz Pra\u0142at Zenon Majcher \u2013 proboszcz parafii. Plac\u00f3wka rozpocz\u0119\u0142a dzia\u0142anie jako Szko\u0142a Tw\u00f3rczego Dzia\u0142ania, otwieraj\u0105c pocz\u0105tkowo jeden oddzia\u0142 przedszkolny oraz pierwsz\u0105 i drug\u0105 klas\u0119. Od samego pocz\u0105tku plac\u00f3wka by\u0142a szko\u0142\u0105 spo\u0142eczn\u0105, niepubliczn\u0105, dzia\u0142aj\u0105ca non profit.<\/p>\n\n\n\n<p>W 1991 roku nasza Szko\u0142a wesz\u0142a w sk\u0142ad Spo\u0142ecznego Towarzystwa O\u015bwiatowego (\u201eSTO\u201d). Od tej pory organem prowadz\u0105cym sta\u0142o si\u0119 Samodzielne Ko\u0142o Terenowe nr 162 STO. Stowarzyszenie to zrzesza rodzic\u00f3w i nauczycieli, kt\u00f3rzy w ramach organ\u00f3w stowarzyszenia (zarz\u0105d SKT) wsp\u00f3\u0142prowadz\u0105 plac\u00f3wk\u0119 poprzez prowadzenie jej finans\u00f3w i wyb\u00f3r dyrektora szko\u0142y.<\/p>\n\n\n\n<p>Pierwsz\u0105 dyrektor Dziesi\u0105tki zosta\u0142a pani Katarzyna Uhma, a nauk\u0119 w murach Szko\u0142y 1 wrze\u015bnia 1991 roku rozpocz\u0119\u0142o 145 uczni\u00f3w. Do dzi\u015b pracuj\u0105 z nami nauczyciele i pracownicy, kt\u00f3rzy w\u0142a\u015bnie wtedy zacz\u0119li swoj\u0105 przygod\u0119 z Ostrobramsk\u0105.<\/p>\n\n\n\n<p>Szko\u0142a od pocz\u0105tku swej dzia\u0142alno\u015bci wynajmowa\u0142a pomieszczenia od parafii i mie\u015bci\u0142a si\u0119 w budynku<br>przy ul. Ostrobramskiej 72 w Warszawie (Praga Po\u0142udnie). Nasz budynek i otoczenie od pocz\u0105tku zmienia\u0142y si\u0119 wraz z rozwojem Szko\u0142y i zwi\u0119kszaniem jej liczebno\u015bci. Pocz\u0105tkowo lekcje WF-u odbywa\u0142y si\u0119 na placu, na kt\u00f3rym dzi\u015b znajduje si\u0119 parking. Po kilku latach dzia\u0142alno\u015bci Szko\u0142y, poza du\u017c\u0105 sal\u0105 gimnastyczn\u0105, uda\u0142o si\u0119 otworzy\u0107 tak\u017ce boisko.<\/p>\n\n\n\n<p>W roku szkolnym 1991\/1992 nowym dyrektorem zosta\u0142a pani Magdalena Stalpi\u0144ska. Kolejni Dyrektorzy Szko\u0142y to: pani Ewa Krawczyk, pani Marianna Krawczyk, pani Jagoda Kazimierczak, pan Mariusz Kisiel. Od 2024 r. funkcj\u0119 Dyrektora Szko\u0142y pe\u0142ni pani Ma\u0142gorzata Janczak-Hulewicz.<\/p>\n\n\n\n<p>Pierwsi absolwenci uko\u0144czyli SSP nr 10 w roku 1994, a do 2024 \u015bwiadectwo uko\u0144czenia odebra\u0142o z r\u0105k wychowawc\u00f3w kilkuset uczni\u00f3w. Wielu z nich, ufaj\u0105c w jako\u015b\u0107 edukacji, wraca dzi\u015b do nas, przyprowadzaj\u0105c swoje dzieci, kolejne pokolenie niezwyk\u0142ych uczni\u00f3w Dziesi\u0105tki.<\/p>\n\n\n\n<p>W 2002 roku Szkole nadano patrona, a co za tym idzie \u2013 zyska\u0142a ona sztandar i to\u017csamo\u015b\u0107 w grupie szk\u00f3\u0142 Spo\u0142ecznego Towarzystwa O\u015bwiatowego. Kardyna\u0142 Stefan Wyszy\u0144ski, kt\u00f3rego imi\u0119 przyj\u0119\u0142a nasza Szko\u0142a, sta\u0142 si\u0119 nie tylko opiekunem, mentorem, ale tak\u017ce symbolem warto\u015bci, kt\u00f3re s\u0105 bliskie ca\u0142ej spo\u0142eczno\u015bci Dziesi\u0105tki.<\/p>\n\n\n\n<p>Kameralna szko\u0142a, poczucie bezpiecze\u0144stwa, wsparcie rodzic\u00f3w i zaanga\u017cowana ca\u0142ym sercem kadra nauczycielska \u2013 wszystko to sprzyja nauce i zdobywaniu wiedzy. Ale przecie\u017c nie sam\u0105 nauk\u0105 \u017cyje cz\u0142owiek! Sport od zawsze by\u0142 dla nas niezwykle wa\u017cny. Z inicjatywy nauczycieli WF-u w 2005 roku powstaje UKS Ostrobramska i dru\u017cyna p\u0142ywacka. Od 2007 roku corocznie organizowane s\u0105 Zawody P\u0142ywackie o Puchar Dyrektora SSP 10 STO, kt\u00f3re nie tylko wyr\u00f3\u017cniaj\u0105 j\u0105 spo\u015br\u00f3d innych plac\u00f3wek, ale tak\u017ce dowodz\u0105, \u017ce na Ostrobramskiej mo\u017cna z powodzeniem \u0142\u0105czy\u0107 nauk\u0119 i rozw\u00f3j fizyczny, tak w ko\u0144cu wa\u017cny dla m\u0142odego cz\u0142owieka.<\/p>\n\n\n\n<p>Po reformie szkolnictwa w roku w 1999 roku obok Spo\u0142ecznej Szko\u0142y Podstawowej nr 10 STO powsta\u0142o Spo\u0142eczne Gimnazjum nr 27. Obie szko\u0142y do 31.08.2019 roku tworzy\u0142y Zesp\u00f3\u0142 Szk\u00f3\u0142 im. Kardyna\u0142a Stefana Wyszy\u0144skiego STO. Na skutek kolejnych zmian w systemie edukacji ostatni rocznik naszych gimnazjalist\u00f3w opu\u015bci\u0142 mury Szko\u0142y w roku 2019, Zesp\u00f3\u0142 szk\u00f3\u0142 zostaje rozwi\u0105zany, a Szko\u0142a funkcjonuje ponownie jako Spo\u0142eczna Szko\u0142a Podstawowa nr 10 im. Kardyna\u0142a Stefana Wyszy\u0144skiego STO.<\/p>\n\n\n\n<p>Jak ka\u017cda dobra szko\u0142a i nasza ma swoje tradycje. Jedn\u0105 z nich jest odbywaj\u0105cy si\u0119 od 2001 r doroczny piknik szkolny adresowany do wszystkich sympatyk\u00f3w Dziesi\u0105tki.. Kolejn\u0105 jest Wigilia, niezwykle uroczyste wydarzenie, kt\u00f3re daje okazj\u0119 do spotka\u0144 ca\u0142ej naszej spo\u0142eczno\u015bci: uczni\u00f3w, absolwent\u00f3w, nauczycieli, rodzic\u00f3w i przyjaci\u00f3\u0142.<\/p>\n\n\n\n<p>Zale\u017cy nam, by nasi uczniowie otwierali si\u0119 na \u015bwiat, a nie tylko przyswajali wiedz\u0119 w szkolnych \u0142awach, by poszerzali swoje horyzonty, zwiedzali, prze\u017cywali, zdobywali cenne do\u015bwiadczania. I w\u0142a\u015bnie dlatego od 2013r. zacz\u0119li\u015bmy organizowa\u0107 zagraniczne wyjazdy kulturowo-j\u0119zykowe dla uczni\u00f3w, a od 2018 roku realizujemy program wyjazd\u00f3w edukacyjnych po Polsce. Potrzeba znalezienia miejsca, gdzie mo\u017cna odpoczywa\u0107 po zaj\u0119ciach, zaowocowa\u0142a za\u015b otwarciem w 2016 roku placu zabaw. Inicjatywa ta \u0142\u0105czy\u0142a si\u0119 z obchodami 25-lecia Szko\u0142y.<\/p>\n\n\n\n<p>Dziesi\u0105tka to tak\u017ce miejsce, gdzie nasi uczniowie otwieraj\u0105 si\u0119 na drugiego cz\u0142owieka, jego potrzeby, gdzie ucz\u0105 si\u0119 empatii. Rok 2018 to rok powstania Szkolnego Klubu Wolontariatu oSTOja, kt\u00f3ry inicjuje i anga\u017cuje si\u0119 w liczne akcje pomocowe na rzecz \u015brodowiska szkolnego, lokalnego, sto\u0142ecznego jak i og\u00f3lnopolskiego, otrzymuj\u0105c za swoj\u0105 dzia\u0142alno\u015b\u0107 podzi\u0119kowania i wyr\u00f3\u017cnienia.<\/p>\n\n\n\n<p>Rok szkolny 2021\/2022 by\u0142 rokiem obchod\u00f3w 30-lecia naszej plac\u00f3wki. Uroczysta gala, podczas kt\u00f3rej szkole nadany zosta\u0142 nowy sztandar, zgromadzi\u0142a w murach Dziesi\u0105tki tych, kt\u00f3rzy budowali j\u0105 przez te wszystkie lata i dla kt\u00f3rych sta\u0142a si\u0119 nie tylko miejscem nauki, ale przede wszystkim wspania\u0142ych relacji i przyja\u017ani, dla kt\u00f3rych by\u0142a wa\u017cna.<\/p>\n\n\n\n<p>Nowe wyzwania i konieczno\u015b\u0107 zagwarantowania jak najlepszych warunk\u00f3w do nauki rozrastaj\u0105cej si\u0119 stale Szkole zaowocowa\u0142a decyzj\u0105 o jej rozbudowie. W roku szkolnym 2023\/2024 rozpocz\u0119to dobudow\u0119 drugiego pi\u0119tra budynku, remontu i doposa\u017cenia sal lekcyjnych, co by\u0142o mo\u017cliwe dzi\u0119ki wsparciu Parafii Narodzenia Pa\u0144skiego i \u015brodkom zgromadzonym przez kolejne pokolenia uczni\u00f3w, ich rodzic\u00f3w oraz ze sk\u0142adek rodzic\u00f3w dzieci aktualnie ucz\u0105cych si\u0119 w Dziesi\u0105tce. Otwiera to nowy rozdzia\u0142 w historii naszej Szko\u0142y.<\/p>\n\n\n\n<p>Wierzymy, \u017ce dzie\u0142o odwa\u017cnych rodzic\u00f3w i nauczycieli rozpocz\u0119te ponad 30 lat temu, uda si\u0119 nadal piel\u0119gnowa\u0107 i rozwija\u0107, a spo\u0142eczno\u015b\u0107 Dziesi\u0105tki ma i b\u0119dzie mia\u0142a zawsze solidne i trwale fundamenty. W ko\u0144cu historia naszej Szko\u0142y to przede wszystkim historia ludzi j\u0105 tworz\u0105cych; rodzic\u00f3w, ich ogromnego zapa\u0142u, wiary, \u017ce w polskim szkolnictwie mo\u017cna inaczej, lepiej, ich marze\u0144 o lepszej przysz\u0142o\u015bci dla swoich dzieci. Historia naszej Szko\u0142y to historia wspania\u0142ych dyrektor\u00f3w, nauczycieli, ich niewyobra\u017calnego zaanga\u017cowania, mi\u0142o\u015bci do tego, co robi\u0105. Historia Szko\u0142y to w ko\u0144cu historia m\u0142odzie\u017cy, kt\u00f3ra nie tylko uczy si\u0119 tu jak m\u0105drze \u017cy\u0107, ale tak\u017ce jak pomaga\u0107 innym, co robi\u0107, by swoim post\u0119powaniem \u015bwiadczy\u0107 o wspania\u0142ych warto\u015bciach zawsze drzemi\u0105cych w m\u0142odym pokoleniu.<\/p>\n\n\n\n<p><strong>Wa\u017cne daty<\/strong><\/p>\n\n\n\n<ul>\n<li>1 wrze\u015bnia 1990 \u2013 powstanie Szko\u0142a Tw\u00f3rczego Dzia\u0142ania<\/li>\n\n\n\n<li>1 wrze\u015bnia 1991 \u2013 utworzenie Szko\u0142y Podstawowej nr 10 Spo\u0142ecznego Towarzystwa O\u015bwiatowego<\/li>\n\n\n\n<li>1 wrze\u015bnia 2000 \u2013 utworzenie Gimnazjum<\/li>\n\n\n\n<li>28 maja 2002 \u2013 nadanie szkole imienia Kardyna\u0142a Stefana Wyszy\u0144skiego<\/li>\n\n\n\n<li>31 sierpnia 2019 \u2013 likwidacja Gimnazjum<\/li>\n<\/ul>\n\n\n\n<p><strong>Dyrektorzy<\/strong><\/p>\n\n\n\n<div class=\"is-layout-flex wp-container-2 wp-block-columns\">\n<div class=\"is-layout-flow wp-block-column\" style=\"flex-basis:100%\">\n<figure class=\"wp-block-table\"><table><tbody><tr><td>1991 \u2013 stycze\u0144 1992<\/td><td>dyrektor \u2013 mgr Magdalena Stalpi\u0144ska<\/td><\/tr><tr><td>1992 \u2013 1999<\/td><td>dyrektor \u2013 mgr Ewa Krawczyk<br>wicedyrektor \u2013 mgr El\u017cbieta \u017babicka (do 1998)<br>wicedyrektor \u2013 mgr Marianna Krawczyk (od 1999)<br>wicedyrektor \u2013 mgr Renata Mizeracka (od 1999)<\/td><\/tr><tr><td>1999 \u2013 2007<\/td><td>dyrektor \u2013 mgr Marianna Krawczyk<br>wicedyrektor \u2013 mgr Renata Mizeracka<\/td><\/tr><tr><td>2007 \u2013 2015<\/td><td>dyrektor \u2013 mgr Jagoda Kazimierczak<br>wicedyrektor \u2013 mgr Ma\u0142gorzata Cimek-Gutowska (do 2014)<br>wicedyrektor \u2013 mgr Renata Mizeracka (do 2009)<br>wicedyrektor \u2013 mgr Monika Domeracka (do 2015)<\/td><\/tr><tr><td>2015 \u2013 2024<\/td><td>dyrektor \u2013 mgr Mariusz Kisiel<br>wicedyrektor \u2013 mgr Anna Stawska (do 2023)<br>wicedyrektor \u2013 mgr Ma\u0142gorzata Janczak-Hulewicz (od 2023)<br>wicedyrektor \u2013 mgr Halina Wnuk (od 2023)<\/td><\/tr><tr><td>2024 \u2013 obecnie<\/td><td>dyrektor \u2013 mgr Ma\u0142gorzata Janczak-Hulewicz<br>wicedyrektor \u2013 mgr Ewa D\u0105bek<br>wicedyrektor \u2013 mgr Halina Wnuk<\/td><\/tr><\/tbody><\/table><\/figure>\n<\/div>\n<\/div>\n","protected":false},"excerpt":{"rendered":"<p>Powstanie Spo\u0142ecznej Szko\u0142y Podstawowej nr 10 a nast\u0119pnie Spo\u0142ecznego Gimnazjum nr 27 to wyraz marze\u0144 pocz\u0105tkowo niewielkiej grupki rodzic\u00f3w, kt\u00f3rzy uwierzyli, \u017ce mo\u017cliwa jest szko\u0142a przyjazna, \u017cyczliwa i bezpieczna dla&#8230;<\/p>\n","protected":false},"author":1,"featured_media":0,"parent":0,"menu_order":0,"comment_status":"closed","ping_status":"closed","template":"","meta":[],"_links":{"self":[{"href":"http:\/\/ssp10.pl\/strona\/wp-json\/wp\/v2\/pages\/22835"}],"collection":[{"href":"http:\/\/ssp10.pl\/strona\/wp-json\/wp\/v2\/pages"}],"about":[{"href":"http:\/\/ssp10.pl\/strona\/wp-json\/wp\/v2\/types\/page"}],"author":[{"embeddable":true,"href":"http:\/\/ssp10.pl\/strona\/wp-json\/wp\/v2\/users\/1"}],"replies":[{"embeddable":true,"href":"http:\/\/ssp10.pl\/strona\/wp-json\/wp\/v2\/comments?post=22835"}],"version-history":[{"count":7,"href":"http:\/\/ssp10.pl\/strona\/wp-json\/wp\/v2\/pages\/22835\/revisions"}],"predecessor-version":[{"id":22879,"href":"http:\/\/ssp10.pl\/strona\/wp-json\/wp\/v2\/pages\/22835\/revisions\/22879"}],"wp:attachment":[{"href":"http:\/\/ssp10.pl\/strona\/wp-json\/wp\/v2\/media?parent=22835"}],"curies":[{"name":"wp","href":"https:\/\/api.w.org\/{rel}","templated":true}]}}